{"id":4587,"date":"2020-07-03T16:57:07","date_gmt":"2020-07-03T14:57:07","guid":{"rendered":"http:\/\/www.farmacia-italiana.it\/?page_id=4587"},"modified":"2020-07-06T11:45:04","modified_gmt":"2020-07-06T09:45:04","slug":"servizi","status":"publish","type":"page","link":"https:\/\/www.farmacia-italiana.it\/fr\/servizi\/","title":{"rendered":"Services"},"content":{"rendered":"<p>[vc_row][vc_column width=\u00a0\u00bb1\/6&Prime;][\/vc_column][vc_column width=\u00a0\u00bb2\/3&Prime;][vc_custom_heading text=\u00a0\u00bbServices\u00a0\u00bb font_container=\u00a0\u00bbtag:h1|text_align:center\u00a0\u00bb use_theme_fonts=\u00a0\u00bbyes\u00a0\u00bb][vc_custom_heading text=\u00a0\u00bbFarmacia Italiana imagine, projecte, r\u00e9alise et appr\u00eate pharmacies et parapharmacies.\u00a0\u00bb font_container=\u00a0\u00bbtag:h3|text_align:center\u00a0\u00bb use_theme_fonts=\u00a0\u00bbyes\u00a0\u00bb][\/vc_column][vc_column width=\u00a0\u00bb1\/6&Prime;][\/vc_column][\/vc_row][vc_row columns_gap=\u00a0\u00bb60&Prime; equal_column_height=\u00a0\u00bbequal-column\u00a0\u00bb mobile_equal_column_height=\u00a0\u00bbfalse\u00a0\u00bb section_id=\u00a0\u00bbservizi-subheader\u00a0\u00bb][vc_column width=\u00a0\u00bb1\/2&Prime; text_align=\u00a0\u00bbright\u00a0\u00bb]<div class=\"eut-element eut-image eut-margin-bottom-xs eut-align-right\" style=\"\">  <div class=\"eut-image-wrapper\"><img src=\"https:\/\/www.farmacia-italiana.it\/wp-content\/uploads\/2019\/07\/design.svg\" class=\"attachment-full size-full\" alt=\"\" loading=\"lazy\" \/>   <\/div><\/div>[vc_custom_heading text=\u00a0\u00bbNouvelles ouvertures\u00a0\u00bb font_container=\u00a0\u00bbtag:h4|text_align:right\u00a0\u00bb use_theme_fonts=\u00a0\u00bbyes\u00a0\u00bb][vc_custom_heading text=\u00a0\u00bbPenser l&rsquo;espace pour une pharmacie accueillant et funtional.\u00a0\u00bb font_container=\u00a0\u00bbtag:h6|text_align:right\u00a0\u00bb use_theme_fonts=\u00a0\u00bbyes\u00a0\u00bb][\/vc_column][vc_column width=\u00a0\u00bb1\/2&Prime;]<div class=\"eut-element eut-image eut-margin-bottom-xs eut-align-left\" style=\"\">  <div class=\"eut-image-wrapper\"><img src=\"https:\/\/www.farmacia-italiana.it\/wp-content\/uploads\/2019\/07\/renew.svg\" class=\"attachment-full size-full\" alt=\"\" loading=\"lazy\" \/>   <\/div><\/div>[vc_custom_heading text=\u00a0\u00bbRenovations\u00a0\u00bb font_container=\u00a0\u00bbtag:h4|text_align:left\u00a0\u00bb use_theme_fonts=\u00a0\u00bbyes\u00a0\u00bb][vc_custom_heading text=\u00a0\u00bbTrasformer l&rsquo;espace pour rencontrer nouveaux go\u00fbt et \u00e9xigences\u00a0\u00bb font_container=\u00a0\u00bbtag:h6|text_align:left\u00a0\u00bb use_theme_fonts=\u00a0\u00bbyes\u00a0\u00bb][\/vc_column][\/vc_row][vc_row padding_top_multiplier=\u00a0\u00bb5x\u00a0\u00bb section_id=\u00a0\u00bbprogettazione\u00a0\u00bb][vc_column][vc_custom_heading text=\u00a0\u00bbProjectation\u00a0\u00bb font_container=\u00a0\u00bbtag:h2|text_align:center\u00a0\u00bb use_theme_fonts=\u00a0\u00bbyes\u00a0\u00bb][\/vc_column][\/vc_row][vc_row padding_top_multiplier=\u00a0\u00bb2x\u00a0\u00bb padding_bottom_multiplier=\u00a0\u00bb2x\u00a0\u00bb columns_gap=\u00a0\u00bb60&Prime;][vc_column][vc_row_inner el_class=\u00a0\u00bbmiddle-row\u00a0\u00bb][vc_column_inner width=\u00a0\u00bb2\/3&Prime; tablet_sm_width=\u00a0\u00bb1-2&Prime;]<video class=\"eut-element eut-embed-video\"  loop=\"loop\" muted=\"muted\" autoplay=\"autoplay\"><source src=\"http:\/\/www.farmacia-italiana.it\/wp-content\/uploads\/2019\/04\/organizzare-lo-spazio.mp4\" type=\"video\/mp4\"><\/video>[\/vc_column_inner][vc_column_inner width=\u00a0\u00bb1\/3&Prime; tablet_width=\u00a0\u00bb1-2&Prime;][vc_custom_heading text=\u00a0\u00bbOrganiser l&rsquo;espace\u00a0\u00bb font_container=\u00a0\u00bbtag:h4|text_align:left\u00a0\u00bb use_theme_fonts=\u00a0\u00bbyes\u00a0\u00bb]<div class=\"eut-empty-space eut-height-1x\" style=\"\"><\/div>[vc_column_text]Projectation et valorisation des espaces avec l&rsquo;obiectif d&rsquo;incr\u00e9mentation des opportinit\u00e9es de vent en proposant corr\u00eactement le choi, les promotions et les services. Le layout commercial d\u00e9finie l&rsquo;espace a d\u00e9dier aux diff\u00e9rents category, montre les diff\u00e9rents rayons, les aires promotionelles et saisoni\u00e9res, les zones d\u00e9di\u00e9es a la vente d&rsquo;impulsion, les points de services et conseil.[\/vc_column_text][\/vc_column_inner][\/vc_row_inner][\/vc_column][\/vc_row][vc_row padding_top_multiplier=\u00a0\u00bb2x\u00a0\u00bb padding_bottom_multiplier=\u00a0\u00bb2x\u00a0\u00bb columns_gap=\u00a0\u00bb60&Prime;][vc_column][vc_row_inner el_class=\u00a0\u00bbmiddle-row\u00a0\u00bb][vc_column_inner width=\u00a0\u00bb1\/3&Prime; tablet_sm_width=\u00a0\u00bb1-2&Prime;][vc_custom_heading text=\u00a0\u00bbCr\u00e9er \u00e9motions\u00a0\u00bb font_container=\u00a0\u00bbtag:h4|text_align:left\u00a0\u00bb use_theme_fonts=\u00a0\u00bbyes\u00a0\u00bb]<div class=\"eut-empty-space eut-height-1x\" style=\"\"><\/div>[vc_column_text]Analyse des caract\u00e9ristiques architectiniques du locals, des mat\u00e9riaux, des couleurs et des finictions avec l&rsquo;obi\u00e9ctif d&rsquo;organiser le milieu et le rendre unique. \u00c9tude de l&rsquo;illumination plus indiqu\u00e9 pour une p\u00e9rcectibilit\u00e9 \u00e9fficace des espace en r\u00e9laction aux aires m\u00e9rc\u00e9ologiques et aider le client dans le parcour de vente.<br \/>\nVisual system, la cr\u00e9ation d&rsquo;une strat\u00e9gie visuelle pens\u00e9e pour une orientation \u00e9motional, un syst\u00e9me coh\u00e9rent qui se base sur \u00e9lements grafiques et de s\u00e9gnalations, comunication d\u00e9di\u00e9e aux espaces de vente et de conseil.[\/vc_column_text][\/vc_column_inner][vc_column_inner width=\u00a0\u00bb2\/3&Prime; tablet_sm_width=\u00a0\u00bb1-2&Prime;]<div class=\"eut-element eut-image eut-align-center\" style=\"\">  <div class=\"eut-image-wrapper\"><img width=\"1024\" height=\"683\" src=\"https:\/\/www.farmacia-italiana.it\/wp-content\/uploads\/2019\/04\/creare-emozioni-1024x683.jpg\" class=\"attachment-large size-large\" alt=\"dettaglio visual system\" loading=\"lazy\" srcset=\"https:\/\/www.farmacia-italiana.it\/wp-content\/uploads\/2019\/04\/creare-emozioni-1024x683.jpg 1024w, https:\/\/www.farmacia-italiana.it\/wp-content\/uploads\/2019\/04\/creare-emozioni-300x200.jpg 300w, https:\/\/www.farmacia-italiana.it\/wp-content\/uploads\/2019\/04\/creare-emozioni-768x512.jpg 768w, https:\/\/www.farmacia-italiana.it\/wp-content\/uploads\/2019\/04\/creare-emozioni-1920x1280.jpg 1920w\" sizes=\"(max-width: 1024px) 100vw, 1024px\" \/>   <\/div><\/div>[\/vc_column_inner][\/vc_row_inner][\/vc_column][\/vc_row][vc_row padding_top_multiplier=\u00a0\u00bb2x\u00a0\u00bb padding_bottom_multiplier=\u00a0\u00bb2x\u00a0\u00bb columns_gap=\u00a0\u00bb60&Prime;][vc_column][vc_row_inner el_class=\u00a0\u00bbmiddle-row\u00a0\u00bb][vc_column_inner width=\u00a0\u00bb2\/3&Prime; tablet_sm_width=\u00a0\u00bb1-2&Prime;]<div class=\"eut-element eut-image eut-align-center\" style=\"\">  <div class=\"eut-image-wrapper\"><img width=\"1024\" height=\"580\" src=\"https:\/\/www.farmacia-italiana.it\/wp-content\/uploads\/2019\/04\/allestire-e-comunicare-1024x580.jpg\" class=\"attachment-large size-large\" alt=\"scaffale per farmacie\" loading=\"lazy\" srcset=\"https:\/\/www.farmacia-italiana.it\/wp-content\/uploads\/2019\/04\/allestire-e-comunicare-1024x580.jpg 1024w, https:\/\/www.farmacia-italiana.it\/wp-content\/uploads\/2019\/04\/allestire-e-comunicare-300x170.jpg 300w, https:\/\/www.farmacia-italiana.it\/wp-content\/uploads\/2019\/04\/allestire-e-comunicare-768x435.jpg 768w, https:\/\/www.farmacia-italiana.it\/wp-content\/uploads\/2019\/04\/allestire-e-comunicare-1920x1087.jpg 1920w\" sizes=\"(max-width: 1024px) 100vw, 1024px\" \/>   <\/div><\/div>[\/vc_column_inner][vc_column_inner width=\u00a0\u00bb1\/3&Prime; tablet_sm_width=\u00a0\u00bb1-2&Prime;][vc_custom_heading text=\u00a0\u00bbAmenager et comuniquer\u00a0\u00bb font_container=\u00a0\u00bbtag:h4|text_align:left\u00a0\u00bb use_theme_fonts=\u00a0\u00bbyes\u00a0\u00bb]<div class=\"eut-empty-space eut-height-1x\" style=\"\"><\/div>[vc_column_text]\u00c9tude de visual merchandising pour une \u00e9xposition \u00e9fficace des produits all&rsquo;int\u00e9rieur du point de vente, en syntonie avec les promotions et les strat\u00e9gies commerciales.<br \/>\nIdentifications des produits qui se resemble ou qui sont compl\u00e9mentaires dispos\u00e9s par funtions, utilisation, bande de prix. Amenagement des \u00e9tag\u00e8ges, vitrinnes, zones de conseil et promotionals pour activer le client et prendre une meilleure attention pour une augmentation des volumes de vente.[\/vc_column_text][\/vc_column_inner][\/vc_row_inner][\/vc_column][\/vc_row][vc_row padding_top_multiplier=\u00a0\u00bb4x\u00a0\u00bb section_id=\u00a0\u00bbidentity\u00a0\u00bb][vc_column][vc_custom_heading text=\u00a0\u00bbIdentity\u00a0\u00bb font_container=\u00a0\u00bbtag:h2|text_align:center\u00a0\u00bb use_theme_fonts=\u00a0\u00bbyes\u00a0\u00bb][\/vc_column][\/vc_row][vc_row padding_top_multiplier=\u00a0\u00bb2x\u00a0\u00bb padding_bottom_multiplier=\u00a0\u00bb2x\u00a0\u00bb columns_gap=\u00a0\u00bb60&Prime;][vc_column][vc_row_inner el_class=\u00a0\u00bbmiddle-row\u00a0\u00bb][vc_column_inner width=\u00a0\u00bb1\/3&Prime;][vc_column_text]Elements grafiques qui distinguent le brand et donnent information au client, \u00e9tudi\u00e9es pour tenir la coh\u00e9rence \u00e9stetique de l&rsquo;amenagement et pour comuniquer avec la juste voix ta identit\u00e9 et tes valeurs.[\/vc_column_text][\/vc_column_inner][vc_column_inner width=\u00a0\u00bb2\/3&Prime;]<div class=\"eut-element eut-image eut-align-center\" style=\"\">  <div class=\"eut-image-wrapper\"><img width=\"1024\" height=\"683\" src=\"https:\/\/www.farmacia-italiana.it\/wp-content\/uploads\/2019\/04\/identity-1024x683.jpg\" class=\"attachment-large size-large\" alt=\"\" loading=\"lazy\" srcset=\"https:\/\/www.farmacia-italiana.it\/wp-content\/uploads\/2019\/04\/identity-1024x683.jpg 1024w, https:\/\/www.farmacia-italiana.it\/wp-content\/uploads\/2019\/04\/identity-300x200.jpg 300w, https:\/\/www.farmacia-italiana.it\/wp-content\/uploads\/2019\/04\/identity-768x512.jpg 768w, https:\/\/www.farmacia-italiana.it\/wp-content\/uploads\/2019\/04\/identity-1920x1280.jpg 1920w\" sizes=\"(max-width: 1024px) 100vw, 1024px\" \/>   <\/div><\/div>[\/vc_column_inner][\/vc_row_inner][\/vc_column][\/vc_row][vc_row padding_top_multiplier=\u00a0\u00bb4x\u00a0\u00bb section_id=\u00a0\u00bbmarketing\u00a0\u00bb][vc_column][vc_custom_heading text=\u00a0\u00bbMarketing\u00a0\u00bb font_container=\u00a0\u00bbtag:h2|text_align:center\u00a0\u00bb use_theme_fonts=\u00a0\u00bbyes\u00a0\u00bb][\/vc_column][\/vc_row][vc_row padding_top_multiplier=\u00a0\u00bb2x\u00a0\u00bb padding_bottom_multiplier=\u00a0\u00bb2x\u00a0\u00bb columns_gap=\u00a0\u00bb60&Prime;][vc_column][vc_row_inner][vc_column_inner width=\u00a0\u00bb1\/2&Prime;][vc_column_text]la projectation de l&rsquo;espace de vente doit partir de l&rsquo;analyse de la Vision, du positionement de la singule pharmacie, de l&rsquo;examen des competitors, la bonne marche du self-out en relaction aux initiatives du point de vente et des maisons pharmaceutiques: cette rech\u00e9rche permie de d\u00e9finir une strat\u00e9gie de marketing<br \/>\nassurans nouvelles opportunit\u00e9e de croissannce.[\/vc_column_text][\/vc_column_inner][vc_column_inner width=\u00a0\u00bb1\/2&Prime;][vc_column_text]<\/p>\n<ul>\n<li>Analyse profondie du factur\u00e2t<\/li>\n<li>Analyse sur les prixs des principauxs produits des march\u00e9s Autom\u00e9dication et Parapharma<\/li>\n<li>\u00c9tude du potentiel resp\u00e9ct aux caract\u00e9ristiques du bacin d&rsquo;usage.<\/li>\n<\/ul>\n<p>[\/vc_column_text][\/vc_column_inner][\/vc_row_inner][\/vc_column][\/vc_row][vc_row padding_bottom_multiplier=\u00a0\u00bb4x\u00a0\u00bb][vc_column mobile_width=\u00a0\u00bbhide\u00a0\u00bb]<div class=\"eut-element eut-align-center\"><a href=\"#metodo\" title=\"D\u00e9couvrez notre m\u00e9thode\" class=\"eut-btn eut-btn-extralarge eut-extra-round eut-bg-black eut-bg-hover-black eut-btn-line\"><span>D\u00e9couvrez notre m\u00e9thode<\/span><\/a><\/div>[\/vc_column][\/vc_row][vc_row bg_type=\u00a0\u00bbimage\u00a0\u00bb bg_image=\u00a0\u00bb4286&Prime; padding_top_multiplier=\u00a0\u00bb6x\u00a0\u00bb padding_bottom_multiplier=\u00a0\u00bb6x\u00a0\u00bb section_id=\u00a0\u00bbmetodo\u00a0\u00bb][vc_column][\/vc_column][\/vc_row][vc_row padding_top_multiplier=\u00a0\u00bb3x\u00a0\u00bb el_wrapper_class=\u00a0\u00bbmiddle-row\u00a0\u00bb][vc_column width=\u00a0\u00bb1\/3&Prime;][vc_custom_heading text=\u00a0\u00bbLe m\u00e9thode\u00a0\u00bb font_container=\u00a0\u00bbtag:h1|text_align:left\u00a0\u00bb use_theme_fonts=\u00a0\u00bbyes\u00a0\u00bb][\/vc_column][vc_column width=\u00a0\u00bb2\/3&Prime;][vc_custom_heading text=\u00a0\u00bbR\u00e9daction d&rsquo;un project pr\u00e9liminaire, pr\u00e9ventif et assignation unique ref\u00e9rent.\u00a0\u00bb font_container=\u00a0\u00bbtag:h3|text_align:left\u00a0\u00bb use_theme_fonts=\u00a0\u00bbyes\u00a0\u00bb][vc_column_text]<span style=\"font-weight: 400;\">La coordination avec les entreprises pour v\u00e9locit\u00e9 et qualifiqu\u00e9 \u00e9x\u00e9cution des travails est garanti parmi la nomination d&rsquo;un tutor, qui assure un rapide intervention, la cappacit\u00e9 et la correction dans le r\u00e9spect des r\u00e9gles en vigeur.<\/span>[\/vc_column_text][\/vc_column][\/vc_row][vc_row padding_top_multiplier=\u00a0\u00bb3x\u00a0\u00bb equal_column_height=\u00a0\u00bbequal-column\u00a0\u00bb mobile_equal_column_height=\u00a0\u00bbfalse\u00a0\u00bb][vc_column width=\u00a0\u00bb1\/4&Prime; mobile_width=\u00a0\u00bb1&Prime;][vc_custom_heading text=\u00a0\u00bbDIVISION PROJECT\u00a0\u00bb font_container=\u00a0\u00bbtag:h6|text_align:left\u00a0\u00bb use_theme_fonts=\u00a0\u00bbyes\u00a0\u00bb][vc_column_text]<\/p>\n<ul>\n<li>Layout commercial<\/li>\n<li>Project architectonique<\/li>\n<li>Project ex\u00e9cutif<\/li>\n<li>Project illumination<\/li>\n<li>Visual systeme<\/li>\n<li>Gestion pratique<\/li>\n<li>R\u00e9daction plan de coordination<\/li>\n<\/ul>\n<p>[\/vc_column_text][\/vc_column][vc_column width=\u00a0\u00bb1\/4&Prime; mobile_width=\u00a0\u00bb1&Prime;][vc_custom_heading text=\u00a0\u00bbDIVISION MENUISERIE\u00a0\u00bb font_container=\u00a0\u00bbtag:h6|text_align:left\u00a0\u00bb use_theme_fonts=\u00a0\u00bbyes\u00a0\u00bb][vc_column_text]<\/p>\n<ul>\n<li>Bois<\/li>\n<li>Alluminium<\/li>\n<li>Acier<\/li>\n<li>Laque<\/li>\n<li>Corian<\/li>\n<li>Verre<\/li>\n<li>Marble<\/li>\n<\/ul>\n<p>[\/vc_column_text][\/vc_column][vc_column width=\u00a0\u00bb1\/4&Prime; mobile_width=\u00a0\u00bb1&Prime;][vc_custom_heading text=\u00a0\u00bbDIVISION FINITION\u00a0\u00bb font_container=\u00a0\u00bbtag:h6|text_align:left\u00a0\u00bb use_theme_fonts=\u00a0\u00bbyes\u00a0\u00bb][vc_column_text]<\/p>\n<ul>\n<li>Faux placard<\/li>\n<li>Pintures<\/li>\n<li>Pavimentations<\/li>\n<li>Rev\u00e9tements murales<\/li>\n<li>Syst\u00e9mes illminations<\/li>\n<li>Serrures et automations<\/li>\n<\/ul>\n<p>[\/vc_column_text][\/vc_column][vc_column width=\u00a0\u00bb1\/4&Prime; mobile_width=\u00a0\u00bb1&Prime;][vc_custom_heading text=\u00a0\u00bbDIVISION TECHNIQUE\u00a0\u00bb font_container=\u00a0\u00bbtag:h6|text_align:left\u00a0\u00bb use_theme_fonts=\u00a0\u00bbyes\u00a0\u00bb][vc_column_text]<\/p>\n<ul>\n<li>\u00c9lectriques<\/li>\n<li>Idro-sanitaire<\/li>\n<li>Climatisation<\/li>\n<li>Ar\u00e9age m\u00e9ccanique contr\u00f4l\u00e9<\/li>\n<li>Alarme<\/li>\n<li>Domotique<\/li>\n<\/ul>\n<p>[\/vc_column_text][\/vc_column][\/vc_row][vc_row padding_top_multiplier=\u00a0\u00bb3x\u00a0\u00bb columns_gap=\u00a0\u00bb60&Prime; equal_column_height=\u00a0\u00bbmiddle-content\u00a0\u00bb][vc_column width=\u00a0\u00bb1\/3&Prime; tablet_sm_width=\u00a0\u00bb1-2&Prime;][vc_custom_heading text=\u00a0\u00bbREALISATION, FURNITURE ET INSTALLATION\u00a0\u00bb font_container=\u00a0\u00bbtag:h5|text_align:left\u00a0\u00bb use_theme_fonts=\u00a0\u00bbyes\u00a0\u00bb][vc_column_text]Notre equipe d&rsquo;installateures experts garantissent l&rsquo;optimisations des temps et assure perfection d&rsquo;installation des meubles.[\/vc_column_text]<div class=\"eut-empty-space eut-height-1x\" style=\"\"><\/div>[vc_custom_heading text=\u00a0\u00bbAVANTAGES\u00a0\u00bb font_container=\u00a0\u00bbtag:h5|text_align:left\u00a0\u00bb use_theme_fonts=\u00a0\u00bbyes\u00a0\u00bb][vc_column_text]<\/p>\n<ul>\n<li>Artisanalit\u00e9 italienne service cl\u00e9s en main<\/li>\n<li>Soupless dans les interventions projectuels et techniques<\/li>\n<li>\u00c9lev\u00e9 standard qualitatif, efficense et suret\u00e9<\/li>\n<li>Consignation dans le r\u00e8spect des temps et du budget<\/li>\n<\/ul>\n<p>[\/vc_column_text][\/vc_column][vc_column width=\u00a0\u00bb2\/3&Prime; tablet_sm_width=\u00a0\u00bb1-2&Prime;]<div class=\"eut-element eut-image eut-align-center\" style=\"\">  <div class=\"eut-image-wrapper\"><img width=\"2860\" height=\"1907\" src=\"https:\/\/www.farmacia-italiana.it\/wp-content\/uploads\/2019\/04\/metodo-02.jpg\" class=\"attachment-full size-full\" alt=\"\" loading=\"lazy\" srcset=\"https:\/\/www.farmacia-italiana.it\/wp-content\/uploads\/2019\/04\/metodo-02.jpg 2860w, https:\/\/www.farmacia-italiana.it\/wp-content\/uploads\/2019\/04\/metodo-02-300x200.jpg 300w, https:\/\/www.farmacia-italiana.it\/wp-content\/uploads\/2019\/04\/metodo-02-768x512.jpg 768w, https:\/\/www.farmacia-italiana.it\/wp-content\/uploads\/2019\/04\/metodo-02-1024x683.jpg 1024w, https:\/\/www.farmacia-italiana.it\/wp-content\/uploads\/2019\/04\/metodo-02-1920x1280.jpg 1920w\" sizes=\"(max-width: 2860px) 100vw, 2860px\" \/>   <\/div><\/div>[\/vc_column][\/vc_row][vc_row padding_top_multiplier=\u00a0\u00bb3x\u00a0\u00bb][vc_column]<div class=\"eut-element eut-align-center\"><a href=\"http:\/\/www.farmacia-italiana.it\/fr\/contatti\/\" title=\"CONTACTEZ-NOUS\" class=\"eut-btn eut-btn-extralarge eut-extra-round eut-bg-black eut-bg-hover-black eut-btn-line\"><span>CONTACTEZ-NOUS<\/span><\/a><\/div>[\/vc_column][\/vc_row]<\/p>\n","protected":false},"excerpt":{"rendered":"<p>[vc_row][vc_column width=\u00a0\u00bb1\/6&Prime;][\/vc_column][vc_column width=\u00a0\u00bb2\/3&Prime;][vc_custom_heading text=\u00a0\u00bbServices\u00a0\u00bb font_container=\u00a0\u00bbtag:h1|text_align:center\u00a0\u00bb use_theme_fonts=\u00a0\u00bbyes\u00a0\u00bb][vc_custom_heading text=\u00a0\u00bbFarmacia Italiana imagine, projecte, r\u00e9alise et appr\u00eate pharmacies et parapharmacies.\u00a0\u00bb font_container=\u00a0\u00bbtag:h3|text_align:center\u00a0\u00bb use_theme_fonts=\u00a0\u00bbyes\u00a0\u00bb][\/vc_column][vc_column width=\u00a0\u00bb1\/6&Prime;][\/vc_column][\/vc_row][vc_row columns_gap=\u00a0\u00bb60&Prime; equal_column_height=\u00a0\u00bbequal-column\u00a0\u00bb mobile_equal_column_height=\u00a0\u00bbfalse\u00a0\u00bb section_id=\u00a0\u00bbservizi-subheader\u00a0\u00bb][vc_column width=\u00a0\u00bb1\/2&Prime; text_align=\u00a0\u00bbright\u00a0\u00bb][vc_custom_heading text=\u00a0\u00bbNouvelles ouvertures\u00a0\u00bb font_container=\u00a0\u00bbtag:h4|text_align:right\u00a0\u00bb use_theme_fonts=\u00a0\u00bbyes\u00a0\u00bb][vc_custom_heading text=\u00a0\u00bbPenser l&rsquo;espace pour une pharmacie accueillant et funtional.\u00a0\u00bb font_container=\u00a0\u00bbtag:h6|text_align:right\u00a0\u00bb use_theme_fonts=\u00a0\u00bbyes\u00a0\u00bb][\/vc_column][vc_column width=\u00a0\u00bb1\/2&Prime;][vc_custom_heading text=\u00a0\u00bbRenovations\u00a0\u00bb font_container=\u00a0\u00bbtag:h4|text_align:left\u00a0\u00bb use_theme_fonts=\u00a0\u00bbyes\u00a0\u00bb][vc_custom_heading text=\u00a0\u00bbTrasformer l&rsquo;espace pour rencontrer nouveaux go\u00fbt et \u00e9xigences\u00a0\u00bb font_container=\u00a0\u00bbtag:h6|text_align:left\u00a0\u00bb use_theme_fonts=\u00a0\u00bbyes\u00a0\u00bb][\/vc_column][\/vc_row][vc_row padding_top_multiplier=\u00a0\u00bb5x\u00a0\u00bb section_id=\u00a0\u00bbprogettazione\u00a0\u00bb][vc_column][vc_custom_heading [&hellip;]<\/p>\n","protected":false},"author":1,"featured_media":0,"parent":0,"menu_order":0,"comment_status":"closed","ping_status":"closed","template":"","meta":[],"_links":{"self":[{"href":"https:\/\/www.farmacia-italiana.it\/fr\/wp-json\/wp\/v2\/pages\/4587"}],"collection":[{"href":"https:\/\/www.farmacia-italiana.it\/fr\/wp-json\/wp\/v2\/pages"}],"about":[{"href":"https:\/\/www.farmacia-italiana.it\/fr\/wp-json\/wp\/v2\/types\/page"}],"author":[{"embeddable":true,"href":"https:\/\/www.farmacia-italiana.it\/fr\/wp-json\/wp\/v2\/users\/1"}],"replies":[{"embeddable":true,"href":"https:\/\/www.farmacia-italiana.it\/fr\/wp-json\/wp\/v2\/comments?post=4587"}],"version-history":[{"count":11,"href":"https:\/\/www.farmacia-italiana.it\/fr\/wp-json\/wp\/v2\/pages\/4587\/revisions"}],"predecessor-version":[{"id":4623,"href":"https:\/\/www.farmacia-italiana.it\/fr\/wp-json\/wp\/v2\/pages\/4587\/revisions\/4623"}],"wp:attachment":[{"href":"https:\/\/www.farmacia-italiana.it\/fr\/wp-json\/wp\/v2\/media?parent=4587"}],"curies":[{"name":"wp","href":"https:\/\/api.w.org\/{rel}","templated":true}]}}